{"version":"1.0","provider_name":"Blog do Ari Cunha","provider_url":"https:\/\/blogs2.correiobraziliense.com.br\/aricunha","author_name":"Circe Cunha","author_url":"https:\/\/blogs2.correiobraziliense.com.br\/aricunha\/author\/circecunha\/","title":"Educar para a liberta\u00e7\u00e3o - Blog do Ari Cunha","type":"rich","width":600,"height":338,"html":"<blockquote class=\"wp-embedded-content\" data-secret=\"a9Cx37G2vn\"><a href=\"https:\/\/blogs2.correiobraziliense.com.br\/aricunha\/educar-para-a-libertacao\/\">Educar para a liberta\u00e7\u00e3o<\/a><\/blockquote><iframe sandbox=\"allow-scripts\" security=\"restricted\" src=\"https:\/\/blogs2.correiobraziliense.com.br\/aricunha\/educar-para-a-libertacao\/embed\/#?secret=a9Cx37G2vn\" width=\"600\" height=\"338\" title=\"&#8220;Educar para a liberta\u00e7\u00e3o&#8221; &#8212; Blog do Ari Cunha\" data-secret=\"a9Cx37G2vn\" frameborder=\"0\" marginwidth=\"0\" marginheight=\"0\" scrolling=\"no\" class=\"wp-embedded-content\"><\/iframe><script nonce=\"LirVNRIvxVn-csmlOits2A\">\n\/*! This file is auto-generated *\/\n!function(d,l){\"use strict\";l.querySelector&&d.addEventListener&&\"undefined\"!=typeof URL&&(d.wp=d.wp||{},d.wp.receiveEmbedMessage||(d.wp.receiveEmbedMessage=function(e){var t=e.data;if((t||t.secret||t.message||t.value)&&!\/[^a-zA-Z0-9]\/.test(t.secret)){for(var s,r,n,a=l.querySelectorAll('iframe[data-secret=\"'+t.secret+'\"]'),o=l.querySelectorAll('blockquote[data-secret=\"'+t.secret+'\"]'),c=new RegExp(\"^https?:$\",\"i\"),i=0;i<o.length;i++)o[i].style.display=\"none\";for(i=0;i<a.length;i++)s=a[i],e.source===s.contentWindow&&(s.removeAttribute(\"style\"),\"height\"===t.message?(1e3<(r=parseInt(t.value,10))?r=1e3:~~r<200&&(r=200),s.height=r):\"link\"===t.message&&(r=new URL(s.getAttribute(\"src\")),n=new URL(t.value),c.test(n.protocol))&&n.host===r.host&&l.activeElement===s&&(d.top.location.href=t.value))}},d.addEventListener(\"message\",d.wp.receiveEmbedMessage,!1),l.addEventListener(\"DOMContentLoaded\",function(){for(var e,t,s=l.querySelectorAll(\"iframe.wp-embedded-content\"),r=0;r<s.length;r++)(t=(e=s[r]).getAttribute(\"data-secret\"))||(t=Math.random().toString(36).substring(2,12),e.src+=\"#?secret=\"+t,e.setAttribute(\"data-secret\",t)),e.contentWindow.postMessage({message:\"ready\",secret:t},\"*\")},!1)))}(window,document);\n\/\/# sourceURL=https:\/\/blogs2.correiobraziliense.com.br\/aricunha\/wp-includes\/js\/wp-embed.min.js\n<\/script>\n","thumbnail_url":"https:\/\/blogs2.correiobraziliense.com.br\/aricunha\/wp-content\/uploads\/sites\/13\/2019\/08\/xcaminhao-cela-2.jpg.pagespeed.ic_.aJ0khSqjE7.jpg","thumbnail_width":1086,"thumbnail_height":652,"description":"VISTO, LIDO E OUVIDO, criada por Ari Cunha (In memoriam) Desde 1960, com Circe Cunha e Mamfil jornalistacircecunha@gmail.com Facebook.com\/vistolidoeouvido Instagram.com\/vistolidoeouvido &nbsp; &nbsp; Com a not\u00edcia de mais uma chacina, dessa vez no Centro de Recupera\u00e7\u00e3o de Altamira, no Par\u00e1, onde\u00a058 detentos morreram em violenta rebeli\u00e3o dentro daquele pres\u00eddio, vai ficando cada vez mais claro, tanto [&hellip;]"}