{"version":"1.0","provider_name":"Blog do Ari Cunha","provider_url":"https:\/\/blogs2.correiobraziliense.com.br\/aricunha","author_name":"Circe Cunha","author_url":"https:\/\/blogs2.correiobraziliense.com.br\/aricunha\/author\/circecunha\/","title":"Governan\u00e7a ao inv\u00e9s de privatiza\u00e7\u00f5es a\u00e7odadas - Blog do Ari Cunha","type":"rich","width":600,"height":338,"html":"<blockquote class=\"wp-embedded-content\" data-secret=\"7DwbB4na7E\"><a href=\"https:\/\/blogs2.correiobraziliense.com.br\/aricunha\/governanca-ao-inves-de-privatizacoes-acodadas\/\">Governan\u00e7a ao inv\u00e9s de privatiza\u00e7\u00f5es a\u00e7odadas<\/a><\/blockquote><iframe sandbox=\"allow-scripts\" security=\"restricted\" src=\"https:\/\/blogs2.correiobraziliense.com.br\/aricunha\/governanca-ao-inves-de-privatizacoes-acodadas\/embed\/#?secret=7DwbB4na7E\" width=\"600\" height=\"338\" title=\"&#8220;Governan\u00e7a ao inv\u00e9s de privatiza\u00e7\u00f5es a\u00e7odadas&#8221; &#8212; Blog do Ari Cunha\" data-secret=\"7DwbB4na7E\" frameborder=\"0\" marginwidth=\"0\" marginheight=\"0\" scrolling=\"no\" class=\"wp-embedded-content\"><\/iframe><script nonce=\"-qBJT6plHzg2fCR6Tyt8wg\">\n\/*! This file is auto-generated *\/\n!function(d,l){\"use strict\";l.querySelector&&d.addEventListener&&\"undefined\"!=typeof URL&&(d.wp=d.wp||{},d.wp.receiveEmbedMessage||(d.wp.receiveEmbedMessage=function(e){var t=e.data;if((t||t.secret||t.message||t.value)&&!\/[^a-zA-Z0-9]\/.test(t.secret)){for(var s,r,n,a=l.querySelectorAll('iframe[data-secret=\"'+t.secret+'\"]'),o=l.querySelectorAll('blockquote[data-secret=\"'+t.secret+'\"]'),c=new RegExp(\"^https?:$\",\"i\"),i=0;i<o.length;i++)o[i].style.display=\"none\";for(i=0;i<a.length;i++)s=a[i],e.source===s.contentWindow&&(s.removeAttribute(\"style\"),\"height\"===t.message?(1e3<(r=parseInt(t.value,10))?r=1e3:~~r<200&&(r=200),s.height=r):\"link\"===t.message&&(r=new URL(s.getAttribute(\"src\")),n=new URL(t.value),c.test(n.protocol))&&n.host===r.host&&l.activeElement===s&&(d.top.location.href=t.value))}},d.addEventListener(\"message\",d.wp.receiveEmbedMessage,!1),l.addEventListener(\"DOMContentLoaded\",function(){for(var e,t,s=l.querySelectorAll(\"iframe.wp-embedded-content\"),r=0;r<s.length;r++)(t=(e=s[r]).getAttribute(\"data-secret\"))||(t=Math.random().toString(36).substring(2,12),e.src+=\"#?secret=\"+t,e.setAttribute(\"data-secret\",t)),e.contentWindow.postMessage({message:\"ready\",secret:t},\"*\")},!1)))}(window,document);\n\/\/# sourceURL=https:\/\/blogs2.correiobraziliense.com.br\/aricunha\/wp-includes\/js\/wp-embed.min.js\n<\/script>\n","thumbnail_url":"https:\/\/blogs2.correiobraziliense.com.br\/aricunha\/wp-content\/uploads\/sites\/13\/2019\/05\/genildo-5-426x420.jpg","thumbnail_width":426,"thumbnail_height":420,"description":"VISTO, LIDO E OUVIDO Criada por Ari Cunha (In memoriam) Desde 1960 Com Circe Cunha e Mamfil jornalistacircecunha@gmail.com Facebook.com\/vistolidoeouvido Instagram.com\/vistolidoeouvido &nbsp; Ficasse firmado na Constitui\u00e7\u00e3o, logo em seu pre\u00e2mbulo, que todos os recursos p\u00fablicos, emanados da for\u00e7a de trabalho do povo brasileiro, por se tratar de riquezas de alta relev\u00e2ncia capaz de garantir a vida [&hellip;]"}