{"version":"1.0","provider_name":"Blog do Ari Cunha","provider_url":"https:\/\/blogs2.correiobraziliense.com.br\/aricunha","author_name":"Circe Cunha","author_url":"https:\/\/blogs2.correiobraziliense.com.br\/aricunha\/author\/circecunha\/","title":"Li\u00e7\u00f5es para o futuro - Blog do Ari Cunha","type":"rich","width":600,"height":338,"html":"<blockquote class=\"wp-embedded-content\" data-secret=\"2dy4eFUj1U\"><a href=\"https:\/\/blogs2.correiobraziliense.com.br\/aricunha\/licoes-para-o-futuro\/\">Li\u00e7\u00f5es para o futuro<\/a><\/blockquote><iframe sandbox=\"allow-scripts\" security=\"restricted\" src=\"https:\/\/blogs2.correiobraziliense.com.br\/aricunha\/licoes-para-o-futuro\/embed\/#?secret=2dy4eFUj1U\" width=\"600\" height=\"338\" title=\"&#8220;Li\u00e7\u00f5es para o futuro&#8221; &#8212; Blog do Ari Cunha\" data-secret=\"2dy4eFUj1U\" frameborder=\"0\" marginwidth=\"0\" marginheight=\"0\" scrolling=\"no\" class=\"wp-embedded-content\"><\/iframe><script nonce=\"B39IozDpFp6NUtC0CtVBlA\">\n\/*! This file is auto-generated *\/\n!function(d,l){\"use strict\";l.querySelector&&d.addEventListener&&\"undefined\"!=typeof URL&&(d.wp=d.wp||{},d.wp.receiveEmbedMessage||(d.wp.receiveEmbedMessage=function(e){var t=e.data;if((t||t.secret||t.message||t.value)&&!\/[^a-zA-Z0-9]\/.test(t.secret)){for(var s,r,n,a=l.querySelectorAll('iframe[data-secret=\"'+t.secret+'\"]'),o=l.querySelectorAll('blockquote[data-secret=\"'+t.secret+'\"]'),c=new RegExp(\"^https?:$\",\"i\"),i=0;i<o.length;i++)o[i].style.display=\"none\";for(i=0;i<a.length;i++)s=a[i],e.source===s.contentWindow&&(s.removeAttribute(\"style\"),\"height\"===t.message?(1e3<(r=parseInt(t.value,10))?r=1e3:~~r<200&&(r=200),s.height=r):\"link\"===t.message&&(r=new URL(s.getAttribute(\"src\")),n=new URL(t.value),c.test(n.protocol))&&n.host===r.host&&l.activeElement===s&&(d.top.location.href=t.value))}},d.addEventListener(\"message\",d.wp.receiveEmbedMessage,!1),l.addEventListener(\"DOMContentLoaded\",function(){for(var e,t,s=l.querySelectorAll(\"iframe.wp-embedded-content\"),r=0;r<s.length;r++)(t=(e=s[r]).getAttribute(\"data-secret\"))||(t=Math.random().toString(36).substring(2,12),e.src+=\"#?secret=\"+t,e.setAttribute(\"data-secret\",t)),e.contentWindow.postMessage({message:\"ready\",secret:t},\"*\")},!1)))}(window,document);\n\/\/# sourceURL=https:\/\/blogs2.correiobraziliense.com.br\/aricunha\/wp-includes\/js\/wp-embed.min.js\n<\/script>\n","description":"&nbsp; Desde 1960 colunadoaricunha@gmail.com com Circe Cunha \u00a0e Mamfil &nbsp; De Viena \u2014 Para um pa\u00eds em que se reconhece ainda existir uma escola p\u00fablica do s\u00e9culo 19, com professores do s\u00e9culo 20, dando aulas para alunos do s\u00e9culo 21, h\u00e1 ainda um imenso caminho a ser percorrido at\u00e9 que as tr\u00eas vari\u00e1veis se ajustem, [&hellip;]"}