{"version":"1.0","provider_name":"CB.Poder 2","provider_url":"https:\/\/blogs2.correiobraziliense.com.br\/cbpoder","author_name":"Ana Maria Campos","author_url":"https:\/\/blogs2.correiobraziliense.com.br\/cbpoder\/author\/anacampos\/","title":"PT pede cassa\u00e7\u00e3o da Celina Le\u00e3o - CB.Poder 2","type":"rich","width":600,"height":338,"html":"<blockquote class=\"wp-embedded-content\" data-secret=\"7SRn98bn1j\"><a href=\"https:\/\/blogs2.correiobraziliense.com.br\/cbpoder\/pt-pede-cassacao-da-celina-leao\/\">PT pede cassa\u00e7\u00e3o da Celina Le\u00e3o<\/a><\/blockquote><iframe sandbox=\"allow-scripts\" security=\"restricted\" src=\"https:\/\/blogs2.correiobraziliense.com.br\/cbpoder\/pt-pede-cassacao-da-celina-leao\/embed\/#?secret=7SRn98bn1j\" width=\"600\" height=\"338\" title=\"&#8220;PT pede cassa\u00e7\u00e3o da Celina Le\u00e3o&#8221; &#8212; CB.Poder 2\" data-secret=\"7SRn98bn1j\" frameborder=\"0\" marginwidth=\"0\" marginheight=\"0\" scrolling=\"no\" class=\"wp-embedded-content\"><\/iframe><script nonce=\"MCrHlcDP3lc8I7Vyh4ygNA\">\n\/*! This file is auto-generated *\/\n!function(d,l){\"use strict\";l.querySelector&&d.addEventListener&&\"undefined\"!=typeof URL&&(d.wp=d.wp||{},d.wp.receiveEmbedMessage||(d.wp.receiveEmbedMessage=function(e){var t=e.data;if((t||t.secret||t.message||t.value)&&!\/[^a-zA-Z0-9]\/.test(t.secret)){for(var s,r,n,a=l.querySelectorAll('iframe[data-secret=\"'+t.secret+'\"]'),o=l.querySelectorAll('blockquote[data-secret=\"'+t.secret+'\"]'),c=new RegExp(\"^https?:$\",\"i\"),i=0;i<o.length;i++)o[i].style.display=\"none\";for(i=0;i<a.length;i++)s=a[i],e.source===s.contentWindow&&(s.removeAttribute(\"style\"),\"height\"===t.message?(1e3<(r=parseInt(t.value,10))?r=1e3:~~r<200&&(r=200),s.height=r):\"link\"===t.message&&(r=new URL(s.getAttribute(\"src\")),n=new URL(t.value),c.test(n.protocol))&&n.host===r.host&&l.activeElement===s&&(d.top.location.href=t.value))}},d.addEventListener(\"message\",d.wp.receiveEmbedMessage,!1),l.addEventListener(\"DOMContentLoaded\",function(){for(var e,t,s=l.querySelectorAll(\"iframe.wp-embedded-content\"),r=0;r<s.length;r++)(t=(e=s[r]).getAttribute(\"data-secret\"))||(t=Math.random().toString(36).substring(2,12),e.src+=\"#?secret=\"+t,e.setAttribute(\"data-secret\",t)),e.contentWindow.postMessage({message:\"ready\",secret:t},\"*\")},!1)))}(window,document);\n\/\/# sourceURL=https:\/\/blogs2.correiobraziliense.com.br\/cbpoder\/wp-includes\/js\/wp-embed.min.js\n<\/script>\n","thumbnail_url":"https:\/\/blogs2.correiobraziliense.com.br\/cbpoder\/wp-content\/uploads\/sites\/5\/2016\/09\/CBPFOT180820161606-e1473193098471.jpg","thumbnail_width":535,"thumbnail_height":350,"description":"ANA VIRIATO O presidente do PT\/DF, Roberto Policarpo, protocolou nesta ter\u00e7a-feira (06), na C\u00e2mara Legislativa, pedido de cassa\u00e7\u00e3o do mandato de Celina Le\u00e3o (PPS). De acordo com o l\u00edder petista, as informa\u00e7\u00f5es obtidas pela Pol\u00edcia Civil e pelo Minist\u00e9rio P\u00fablico, levadas \u00e0 p\u00fablico comprovam a configura\u00e7\u00e3o de quebra de decoro parlamentar e pr\u00e1tica de improbidade [&hellip;]"}