{"version":"1.0","provider_name":"CB.Poder 2","provider_url":"https:\/\/blogs2.correiobraziliense.com.br\/cbpoder","author_name":"Ana Maria Campos","author_url":"https:\/\/blogs2.correiobraziliense.com.br\/cbpoder\/author\/anacampos\/","title":"Rollemberg deixa san\u00e7\u00e3o do or\u00e7amento para Ibaneis","type":"rich","width":600,"height":338,"html":"<blockquote class=\"wp-embedded-content\" data-secret=\"pIYgrDqbI9\"><a href=\"https:\/\/blogs2.correiobraziliense.com.br\/cbpoder\/rollemberg-orcamento-ibaneis\/\">Rollemberg deixa san\u00e7\u00e3o do or\u00e7amento para Ibaneis<\/a><\/blockquote><iframe sandbox=\"allow-scripts\" security=\"restricted\" src=\"https:\/\/blogs2.correiobraziliense.com.br\/cbpoder\/rollemberg-orcamento-ibaneis\/embed\/#?secret=pIYgrDqbI9\" width=\"600\" height=\"338\" title=\"&#8220;Rollemberg deixa san\u00e7\u00e3o do or\u00e7amento para Ibaneis&#8221; &#8212; CB.Poder 2\" data-secret=\"pIYgrDqbI9\" frameborder=\"0\" marginwidth=\"0\" marginheight=\"0\" scrolling=\"no\" class=\"wp-embedded-content\"><\/iframe><script nonce=\"9XX3Ioc7PTKOo4mX3GFOqw\">\n\/*! This file is auto-generated *\/\n!function(d,l){\"use strict\";l.querySelector&&d.addEventListener&&\"undefined\"!=typeof URL&&(d.wp=d.wp||{},d.wp.receiveEmbedMessage||(d.wp.receiveEmbedMessage=function(e){var t=e.data;if((t||t.secret||t.message||t.value)&&!\/[^a-zA-Z0-9]\/.test(t.secret)){for(var s,r,n,a=l.querySelectorAll('iframe[data-secret=\"'+t.secret+'\"]'),o=l.querySelectorAll('blockquote[data-secret=\"'+t.secret+'\"]'),c=new RegExp(\"^https?:$\",\"i\"),i=0;i<o.length;i++)o[i].style.display=\"none\";for(i=0;i<a.length;i++)s=a[i],e.source===s.contentWindow&&(s.removeAttribute(\"style\"),\"height\"===t.message?(1e3<(r=parseInt(t.value,10))?r=1e3:~~r<200&&(r=200),s.height=r):\"link\"===t.message&&(r=new URL(s.getAttribute(\"src\")),n=new URL(t.value),c.test(n.protocol))&&n.host===r.host&&l.activeElement===s&&(d.top.location.href=t.value))}},d.addEventListener(\"message\",d.wp.receiveEmbedMessage,!1),l.addEventListener(\"DOMContentLoaded\",function(){for(var e,t,s=l.querySelectorAll(\"iframe.wp-embedded-content\"),r=0;r<s.length;r++)(t=(e=s[r]).getAttribute(\"data-secret\"))||(t=Math.random().toString(36).substring(2,12),e.src+=\"#?secret=\"+t,e.setAttribute(\"data-secret\",t)),e.contentWindow.postMessage({message:\"ready\",secret:t},\"*\")},!1)))}(window,document);\n\/\/# sourceURL=https:\/\/blogs2.correiobraziliense.com.br\/cbpoder\/wp-includes\/js\/wp-embed.min.js\n<\/script>\n","thumbnail_url":"https:\/\/blogs2.correiobraziliense.com.br\/cbpoder\/wp-content\/uploads\/sites\/5\/2019\/01\/20190107215511690598o.jpg","thumbnail_width":510,"thumbnail_height":320,"description":"Rollemberg n\u00e3o aceitou sancionar o or\u00e7amento de 2019 aprovado pela C\u00e2mara Legislativa que prev\u00ea altera\u00e7\u00e3o da carga tribut\u00e1ria da cesta b\u00e1sica em 157%"}