{"version":"1.0","provider_name":"Blog da Denise","provider_url":"https:\/\/blogs2.correiobraziliense.com.br\/denise","author_name":"Denise Rothenburg","author_url":"https:\/\/blogs2.correiobraziliense.com.br\/denise\/author\/deniserothenburg\/","title":"A sabedoria de Temer - Blog da Denise","type":"rich","width":600,"height":338,"html":"<blockquote class=\"wp-embedded-content\" data-secret=\"B5VD6mWkls\"><a href=\"https:\/\/blogs2.correiobraziliense.com.br\/denise\/sabedoria-de-temer\/\">A sabedoria de Temer<\/a><\/blockquote><iframe sandbox=\"allow-scripts\" security=\"restricted\" src=\"https:\/\/blogs2.correiobraziliense.com.br\/denise\/sabedoria-de-temer\/embed\/#?secret=B5VD6mWkls\" width=\"600\" height=\"338\" title=\"&#8220;A sabedoria de Temer&#8221; &#8212; Blog da Denise\" data-secret=\"B5VD6mWkls\" frameborder=\"0\" marginwidth=\"0\" marginheight=\"0\" scrolling=\"no\" class=\"wp-embedded-content\"><\/iframe><script nonce=\"4EyHMxCT__Fpy-zEuXPk1g\">\n\/*! This file is auto-generated *\/\n!function(d,l){\"use strict\";l.querySelector&&d.addEventListener&&\"undefined\"!=typeof URL&&(d.wp=d.wp||{},d.wp.receiveEmbedMessage||(d.wp.receiveEmbedMessage=function(e){var t=e.data;if((t||t.secret||t.message||t.value)&&!\/[^a-zA-Z0-9]\/.test(t.secret)){for(var s,r,n,a=l.querySelectorAll('iframe[data-secret=\"'+t.secret+'\"]'),o=l.querySelectorAll('blockquote[data-secret=\"'+t.secret+'\"]'),c=new RegExp(\"^https?:$\",\"i\"),i=0;i<o.length;i++)o[i].style.display=\"none\";for(i=0;i<a.length;i++)s=a[i],e.source===s.contentWindow&&(s.removeAttribute(\"style\"),\"height\"===t.message?(1e3<(r=parseInt(t.value,10))?r=1e3:~~r<200&&(r=200),s.height=r):\"link\"===t.message&&(r=new URL(s.getAttribute(\"src\")),n=new URL(t.value),c.test(n.protocol))&&n.host===r.host&&l.activeElement===s&&(d.top.location.href=t.value))}},d.addEventListener(\"message\",d.wp.receiveEmbedMessage,!1),l.addEventListener(\"DOMContentLoaded\",function(){for(var e,t,s=l.querySelectorAll(\"iframe.wp-embedded-content\"),r=0;r<s.length;r++)(t=(e=s[r]).getAttribute(\"data-secret\"))||(t=Math.random().toString(36).substring(2,12),e.src+=\"#?secret=\"+t,e.setAttribute(\"data-secret\",t)),e.contentWindow.postMessage({message:\"ready\",secret:t},\"*\")},!1)))}(window,document);\n\/\/# sourceURL=https:\/\/blogs2.correiobraziliense.com.br\/denise\/wp-includes\/js\/wp-embed.min.js\n<\/script>\n","description":"O presidente Michel Temer est\u00e1 decidido a n\u00e3o restringir seus encontros pol\u00edticos aos l\u00edderes partid\u00e1rios. Por isso, quando voltar da China, ele vai preparar reuni\u00f5es com grupos de parlamentares. Os encontros, entretanto, s\u00f3 come\u00e7ar\u00e3o depois do per\u00edodo eleitoral. A ideia do presidente \u00e9 saber o que eles pensam sobre as propostas do governo e ouvir [&hellip;]","thumbnail_url":"https:\/\/blogs2.correiobraziliense.com.br\/denise\/wp-content\/uploads\/sites\/12\/2015\/11\/avatar2.jpg","thumbnail_width":500,"thumbnail_height":500}