{"version":"1.0","provider_name":"Blog do Vicente","provider_url":"https:\/\/blogs2.correiobraziliense.com.br\/vicente","author_name":"Vicente Nunes","author_url":"https:\/\/blogs2.correiobraziliense.com.br\/vicente\/author\/vicentenunes-df\/","title":"\"DILMA DEIXAR\u00c1 HERAN\u00c7A MALDITA PARA SUCESSOR\" - Blog do Vicente","type":"rich","width":600,"height":338,"html":"<blockquote class=\"wp-embedded-content\" data-secret=\"adG4zrPBZX\"><a href=\"https:\/\/blogs2.correiobraziliense.com.br\/vicente\/dilma-deixara-heranca-maldita-para-sucessor\/\">&#8220;DILMA DEIXAR\u00c1 HERAN\u00c7A MALDITA PARA SUCESSOR&#8221;<\/a><\/blockquote><iframe sandbox=\"allow-scripts\" security=\"restricted\" src=\"https:\/\/blogs2.correiobraziliense.com.br\/vicente\/dilma-deixara-heranca-maldita-para-sucessor\/embed\/#?secret=adG4zrPBZX\" width=\"600\" height=\"338\" title=\"&#8220;&#8220;DILMA DEIXAR\u00c1 HERAN\u00c7A MALDITA PARA SUCESSOR&#8221;&#8221; &#8212; Blog do Vicente\" data-secret=\"adG4zrPBZX\" frameborder=\"0\" marginwidth=\"0\" marginheight=\"0\" scrolling=\"no\" class=\"wp-embedded-content\"><\/iframe><script nonce=\"lJd25ZL7m6XEw6nn3OuLOg\">\n\/*! This file is auto-generated *\/\n!function(d,l){\"use strict\";l.querySelector&&d.addEventListener&&\"undefined\"!=typeof URL&&(d.wp=d.wp||{},d.wp.receiveEmbedMessage||(d.wp.receiveEmbedMessage=function(e){var t=e.data;if((t||t.secret||t.message||t.value)&&!\/[^a-zA-Z0-9]\/.test(t.secret)){for(var s,r,n,a=l.querySelectorAll('iframe[data-secret=\"'+t.secret+'\"]'),o=l.querySelectorAll('blockquote[data-secret=\"'+t.secret+'\"]'),c=new RegExp(\"^https?:$\",\"i\"),i=0;i<o.length;i++)o[i].style.display=\"none\";for(i=0;i<a.length;i++)s=a[i],e.source===s.contentWindow&&(s.removeAttribute(\"style\"),\"height\"===t.message?(1e3<(r=parseInt(t.value,10))?r=1e3:~~r<200&&(r=200),s.height=r):\"link\"===t.message&&(r=new URL(s.getAttribute(\"src\")),n=new URL(t.value),c.test(n.protocol))&&n.host===r.host&&l.activeElement===s&&(d.top.location.href=t.value))}},d.addEventListener(\"message\",d.wp.receiveEmbedMessage,!1),l.addEventListener(\"DOMContentLoaded\",function(){for(var e,t,s=l.querySelectorAll(\"iframe.wp-embedded-content\"),r=0;r<s.length;r++)(t=(e=s[r]).getAttribute(\"data-secret\"))||(t=Math.random().toString(36).substring(2,12),e.src+=\"#?secret=\"+t,e.setAttribute(\"data-secret\",t)),e.contentWindow.postMessage({message:\"ready\",secret:t},\"*\")},!1)))}(window,document);\n\/\/# sourceURL=https:\/\/blogs2.correiobraziliense.com.br\/vicente\/wp-includes\/js\/wp-embed.min.js\n<\/script>\n","description":"\u00bb PAULO SILVA PINTO Gustavo Loyola \u00e9 um economista que conversa de forma pausada, em voz baixa. Isso n\u00e3o reduz a contund\u00eancia do que diz. \u201cA presidente Dilma Rousseff deixar\u00e1, sim, uma heran\u00e7a maldita para seu sucessor\u201d, avisa. Presidente do Banco Central em dois momentos, no fim do governo de Fernando Collor e no in\u00edcio [&hellip;]","thumbnail_url":"https:\/\/blogs2.correiobraziliense.com.br\/vicente\/wp-content\/uploads\/sites\/16\/2016\/05\/avatar_vicente.png","thumbnail_width":200,"thumbnail_height":200}