{"version":"1.0","provider_name":"Blog do Vicente","provider_url":"https:\/\/blogs2.correiobraziliense.com.br\/vicente","author_name":"Vicente Nunes","author_url":"https:\/\/blogs2.correiobraziliense.com.br\/vicente\/author\/vicentenunes-df\/","title":"JAPON\u00caS DA FEDERAL - Blog do Vicente","type":"rich","width":600,"height":338,"html":"<blockquote class=\"wp-embedded-content\" data-secret=\"dhKLLNzJ24\"><a href=\"https:\/\/blogs2.correiobraziliense.com.br\/vicente\/japones-da-federal\/\">JAPON\u00caS DA FEDERAL<\/a><\/blockquote><iframe sandbox=\"allow-scripts\" security=\"restricted\" src=\"https:\/\/blogs2.correiobraziliense.com.br\/vicente\/japones-da-federal\/embed\/#?secret=dhKLLNzJ24\" width=\"600\" height=\"338\" title=\"&#8220;JAPON\u00caS DA FEDERAL&#8221; &#8212; Blog do Vicente\" data-secret=\"dhKLLNzJ24\" frameborder=\"0\" marginwidth=\"0\" marginheight=\"0\" scrolling=\"no\" class=\"wp-embedded-content\"><\/iframe><script nonce=\"P-e4aOOaRmJUYvyBgNsoUg\">\n\/*! This file is auto-generated *\/\n!function(d,l){\"use strict\";l.querySelector&&d.addEventListener&&\"undefined\"!=typeof URL&&(d.wp=d.wp||{},d.wp.receiveEmbedMessage||(d.wp.receiveEmbedMessage=function(e){var t=e.data;if((t||t.secret||t.message||t.value)&&!\/[^a-zA-Z0-9]\/.test(t.secret)){for(var s,r,n,a=l.querySelectorAll('iframe[data-secret=\"'+t.secret+'\"]'),o=l.querySelectorAll('blockquote[data-secret=\"'+t.secret+'\"]'),c=new RegExp(\"^https?:$\",\"i\"),i=0;i<o.length;i++)o[i].style.display=\"none\";for(i=0;i<a.length;i++)s=a[i],e.source===s.contentWindow&&(s.removeAttribute(\"style\"),\"height\"===t.message?(1e3<(r=parseInt(t.value,10))?r=1e3:~~r<200&&(r=200),s.height=r):\"link\"===t.message&&(r=new URL(s.getAttribute(\"src\")),n=new URL(t.value),c.test(n.protocol))&&n.host===r.host&&l.activeElement===s&&(d.top.location.href=t.value))}},d.addEventListener(\"message\",d.wp.receiveEmbedMessage,!1),l.addEventListener(\"DOMContentLoaded\",function(){for(var e,t,s=l.querySelectorAll(\"iframe.wp-embedded-content\"),r=0;r<s.length;r++)(t=(e=s[r]).getAttribute(\"data-secret\"))||(t=Math.random().toString(36).substring(2,12),e.src+=\"#?secret=\"+t,e.setAttribute(\"data-secret\",t)),e.contentWindow.postMessage({message:\"ready\",secret:t},\"*\")},!1)))}(window,document);\n\/\/# sourceURL=https:\/\/blogs2.correiobraziliense.com.br\/vicente\/wp-includes\/js\/wp-embed.min.js\n<\/script>\n","description":"A a\u00e7\u00e3o da Pol\u00edcia Federal que pegou executivos do grupo Gerdau por meio da Opera\u00e7\u00e3o Zelotes fez tremer muitos dirigentes de bancos privados que aparecem na lista de suspeitos de tentarem derrubar multas impostas pela Receita Federal. O p\u00e2nico \u00e9 geral.","thumbnail_url":"https:\/\/blogs2.correiobraziliense.com.br\/vicente\/wp-content\/uploads\/sites\/16\/2016\/05\/avatar_vicente.png","thumbnail_width":200,"thumbnail_height":200}