{"version":"1.0","provider_name":"Blog do Vicente","provider_url":"https:\/\/blogs2.correiobraziliense.com.br\/vicente","author_name":"Vicente Nunes","author_url":"https:\/\/blogs2.correiobraziliense.com.br\/vicente\/author\/vicentenunes-df\/","title":"O rolo na Geap s\u00f3 aumenta - Blog do Vicente","type":"rich","width":600,"height":338,"html":"<blockquote class=\"wp-embedded-content\" data-secret=\"LXhjGPM5qm\"><a href=\"https:\/\/blogs2.correiobraziliense.com.br\/vicente\/o-rolo-na-geap-so-aumenta\/\">O rolo na Geap s\u00f3 aumenta<\/a><\/blockquote><iframe sandbox=\"allow-scripts\" security=\"restricted\" src=\"https:\/\/blogs2.correiobraziliense.com.br\/vicente\/o-rolo-na-geap-so-aumenta\/embed\/#?secret=LXhjGPM5qm\" width=\"600\" height=\"338\" title=\"&#8220;O rolo na Geap s\u00f3 aumenta&#8221; &#8212; Blog do Vicente\" data-secret=\"LXhjGPM5qm\" frameborder=\"0\" marginwidth=\"0\" marginheight=\"0\" scrolling=\"no\" class=\"wp-embedded-content\"><\/iframe><script nonce=\"hQ0pUM0dtHCXjnJoLp-a3A\">\n\/*! This file is auto-generated *\/\n!function(d,l){\"use strict\";l.querySelector&&d.addEventListener&&\"undefined\"!=typeof URL&&(d.wp=d.wp||{},d.wp.receiveEmbedMessage||(d.wp.receiveEmbedMessage=function(e){var t=e.data;if((t||t.secret||t.message||t.value)&&!\/[^a-zA-Z0-9]\/.test(t.secret)){for(var s,r,n,a=l.querySelectorAll('iframe[data-secret=\"'+t.secret+'\"]'),o=l.querySelectorAll('blockquote[data-secret=\"'+t.secret+'\"]'),c=new RegExp(\"^https?:$\",\"i\"),i=0;i<o.length;i++)o[i].style.display=\"none\";for(i=0;i<a.length;i++)s=a[i],e.source===s.contentWindow&&(s.removeAttribute(\"style\"),\"height\"===t.message?(1e3<(r=parseInt(t.value,10))?r=1e3:~~r<200&&(r=200),s.height=r):\"link\"===t.message&&(r=new URL(s.getAttribute(\"src\")),n=new URL(t.value),c.test(n.protocol))&&n.host===r.host&&l.activeElement===s&&(d.top.location.href=t.value))}},d.addEventListener(\"message\",d.wp.receiveEmbedMessage,!1),l.addEventListener(\"DOMContentLoaded\",function(){for(var e,t,s=l.querySelectorAll(\"iframe.wp-embedded-content\"),r=0;r<s.length;r++)(t=(e=s[r]).getAttribute(\"data-secret\"))||(t=Math.random().toString(36).substring(2,12),e.src+=\"#?secret=\"+t,e.setAttribute(\"data-secret\",t)),e.contentWindow.postMessage({message:\"ready\",secret:t},\"*\")},!1)))}(window,document);\n\/\/# sourceURL=https:\/\/blogs2.correiobraziliense.com.br\/vicente\/wp-includes\/js\/wp-embed.min.js\n<\/script>\n","description":"POR VERA BATISTA &nbsp; A disputa pol\u00edtica dentro da Geap Autogest\u00e3o \u2014 maior operadora de planos de sa\u00fade dos servidores p\u00fablicos federais \u2014 tem deixado os associados confusos, sem saber qual percentual de reajuste devem pagar. Uma decis\u00e3o liminar da noite de s\u00e1bado, cassou o mandado de seguran\u00e7a que tinha garantido a volta dos representantes [&hellip;]","thumbnail_url":"https:\/\/blogs2.correiobraziliense.com.br\/vicente\/wp-content\/uploads\/sites\/16\/2016\/05\/avatar_vicente.png","thumbnail_width":200,"thumbnail_height":200}